{"id":133,"date":"2018-10-25T09:58:13","date_gmt":"2018-10-25T07:58:13","guid":{"rendered":"https:\/\/ai-aixmarseille.lis-lab.fr\/?tribe_events=sae-ia-2"},"modified":"2018-11-09T13:54:53","modified_gmt":"2018-11-09T12:54:53","slug":"sae-ia-2","status":"publish","type":"tribe_events","link":"https:\/\/ai-aixmarseille.lis-lab.fr\/?tribe_events=sae-ia-2","title":{"rendered":"Semaine AMU Entreprise, journ\u00e9e IA"},"content":{"rendered":"<p>Dans le cadre de la\u00a0<a href=\"https:\/\/amidex.univ-amu.fr\/fr\/programme-sae-2018\">Semaine AMU Entreprise<\/a>, une journ\u00e9e sera consacr\u00e9e \u00e0 l&rsquo;IA, le 22\/11\/2018<\/p>\n<p>Ces domaines, fruits de travaux de chercheurs en informatique et en math\u00e9matiques, sont aujourd\u2019hui au coeur des pr\u00e9occupations d\u2019acteurs institutionnels, industriels, sociaux et acad\u00e9miques. La n\u00e9cessit\u00e9 de former des professionnels dans ces domaines est particuli\u00e8rement<br \/>\nd\u2019actualit\u00e9. Les pr\u00e9sentations des intervenants de cette journ\u00e9e viseront \u00e0 faire un \u00e9tat des lieux des demandes du secteur industriel dans le domaine et \u00e0 pr\u00e9senter leurs actions originales en mati\u00e8re de formation. Cette journ\u00e9e s&rsquo;inscrit dans le cadre du Colloquium IA\/ML\/DS d\u2019AMU.<\/p>\n<p>Le programme de la journ\u00e9e :\u00a0<a href=\"https:\/\/amidex.univ-amu.fr\/fr\/programme-sae-2018#IA\">ici.<\/a><\/p>\n<p>Inscriptions :\u00a0<a href=\"https:\/\/amidex.univ-amu.fr\/fr\/inscriptions-sae-2018\">ici.<\/a><\/p>\n","protected":false},"excerpt":{"rendered":"<p>Dans le cadre de la\u00a0<a href=\"https:\/\/amidex.univ-amu.fr\/fr\/programme-sae-2018\">Semaine AMU Entreprise<\/a>, une journ\u00e9e sera consacr\u00e9e \u00e0 l&rsquo;IA, le 22\/11\/2018<\/p>\n<p>Ces domaines, fruits de travaux de chercheurs en informatique et en math\u00e9matiques, sont aujourd\u2019hui au coeur des pr\u00e9occupations d\u2019acteurs institutionnels, industriels, sociaux et acad\u00e9miques. La n\u00e9cessit\u00e9 de former des professionnels dans ces domaines est particuli\u00e8rement<br \/>\nd\u2019actualit\u00e9. Les pr\u00e9sentations des intervenants de cette journ\u00e9e viseront \u00e0 faire un \u00e9tat des lieux des demandes du secteur industriel dans le domaine et \u00e0 pr\u00e9senter leurs actions originales en mati\u00e8re de formation. Cette journ\u00e9e s&rsquo;inscrit dans le cadre du Colloquium IA\/ML\/DS d\u2019AMU.<\/p>\n<p>Le programme de la journ\u00e9e :\u00a0<a href=\"https:\/\/amidex.univ-amu.fr\/fr\/programme-sae-2018#IA\">ici.<\/a><\/p>\n<p>Inscriptions :\u00a0<a href=\"https:\/\/amidex.univ-amu.fr\/fr\/inscriptions-sae-2018\">ici.<\/a><\/p>\n","protected":false},"author":2,"featured_media":0,"template":"","meta":{"_tribe_events_status":"","_tribe_events_status_reason":"","footnotes":""},"tags":[],"tribe_events_cat":[],"class_list":["post-133","tribe_events","type-tribe_events","status-publish","hentry"],"_links":{"self":[{"href":"https:\/\/ai-aixmarseille.lis-lab.fr\/index.php?rest_route=\/wp\/v2\/tribe_events\/133","targetHints":{"allow":["GET"]}}],"collection":[{"href":"https:\/\/ai-aixmarseille.lis-lab.fr\/index.php?rest_route=\/wp\/v2\/tribe_events"}],"about":[{"href":"https:\/\/ai-aixmarseille.lis-lab.fr\/index.php?rest_route=\/wp\/v2\/types\/tribe_events"}],"author":[{"embeddable":true,"href":"https:\/\/ai-aixmarseille.lis-lab.fr\/index.php?rest_route=\/wp\/v2\/users\/2"}],"version-history":[{"count":2,"href":"https:\/\/ai-aixmarseille.lis-lab.fr\/index.php?rest_route=\/wp\/v2\/tribe_events\/133\/revisions"}],"predecessor-version":[{"id":256,"href":"https:\/\/ai-aixmarseille.lis-lab.fr\/index.php?rest_route=\/wp\/v2\/tribe_events\/133\/revisions\/256"}],"wp:attachment":[{"href":"https:\/\/ai-aixmarseille.lis-lab.fr\/index.php?rest_route=%2Fwp%2Fv2%2Fmedia&parent=133"}],"wp:term":[{"taxonomy":"post_tag","embeddable":true,"href":"https:\/\/ai-aixmarseille.lis-lab.fr\/index.php?rest_route=%2Fwp%2Fv2%2Ftags&post=133"},{"taxonomy":"tribe_events_cat","embeddable":true,"href":"https:\/\/ai-aixmarseille.lis-lab.fr\/index.php?rest_route=%2Fwp%2Fv2%2Ftribe_events_cat&post=133"}],"curies":[{"name":"wp","href":"https:\/\/api.w.org\/{rel}","templated":true}]}}